{"id":23,"date":"2022-02-27T15:20:57","date_gmt":"2022-02-27T14:20:57","guid":{"rendered":"https:\/\/tabor.ywam.sk\/2022\/?page_id=23"},"modified":"2022-03-14T12:51:09","modified_gmt":"2022-03-14T11:51:09","slug":"turnus-1","status":"publish","type":"page","link":"https:\/\/tabor.ywam.sk\/2022\/tabory\/turnus-1\/","title":{"rendered":"1. TURNUS"},"content":{"rendered":"<h6>TERM\u00cdN:<\/h6>\n<p><strong style=\"font-size: 28px;\">17. \u2013 23. j\u00fal 2022<\/strong><\/p>\n<h6>MIESTO:<\/h6>\n<p><a href=\"http:\/\/tabor.ywam.sk\/2020\/wp-content\/uploads\/drotar.jpg\" rel=\"lightbox[23]\"><img loading=\"lazy\" decoding=\"async\" class=\"alignright size-full wp-image-45\" src=\"http:\/\/tabor.ywam.sk\/2020\/wp-content\/uploads\/drotar.jpg\" alt=\"\" width=\"240\" height=\"180\" \/><\/a><strong style=\"font-size: 20px;\">hotel Drot\u00e1r, Hronec<\/strong><br \/>\n<em>(t\u00e1bor zameran\u00fd na rodiny s t\u00edned\u017eermi od 13 rokov, pre ktor\u00fdch bude pripraven\u00fd \u0161peci\u00e1lny program. Nebojte sa v\u0161ak prihl\u00e1si\u0165 aj ke\u010f ste rodina s de\u0165mi ak\u00e9hoko\u013evek veku, ma\u0165 t\u00edned\u017eera nie je podmienkou. \ud83d\ude09)<\/em><\/p>\n<p><a href=\"http:\/\/www.hoteldrotar.sk\" target=\"_blank\" rel=\"noopener noreferrer\">www.hoteldrotar.sk<\/a><\/p>\n<h6>UBYTOVANIE:<\/h6>\n<p>V 2\u20134 l\u00f4\u017ekov\u00fdch izb\u00e1ch v hoteli alebo v 6-miestnych chatk\u00e1ch. Ka\u017ed\u00e1 chatka m\u00e1 vlastn\u00e9 soci\u00e1lne zariadenie, v hoteli je spolo\u010dn\u00e9 soci\u00e1lne zariadenie pre 2 rodiny na bunke.<\/p>\n<h6>CENY:<\/h6>\n<ul>\n<li><strong>210\u20ac<\/strong>\u2013 dospel\u00fd<\/li>\n<li><strong>190\u20ac<\/strong>\u2013\u00a0die\u0165a od\u00a012 rokov (dospel\u00e1 porcia)<\/li>\n<li><strong>165\u20ac<\/strong>\u2013\u00a0die\u0165a do 11 rokov vr\u00e1tane (detsk\u00e1 porcia)<\/li>\n<li><strong> 30\u20ac<\/strong>\u00a0\u2013\u00a0die\u0165a do 3\u00a0rokov vr\u00e1tane (bez n\u00e1roku na stravu a l\u00f4\u017eko)<\/li>\n<li><strong> 10\u20ac<\/strong>\u00a0\u2013\u00a0poplatok za psa.<\/li>\n<\/ul>\n<p>V\u00a0pr\u00edpade, \u017ee m\u00e1te z\u00e1ujem o\u00a0stravu alebo l\u00f4\u017eko pre die\u0165a mlad\u0161ie ako 3 roky, uve\u010fte to v pozn\u00e1mke v\u00a0prihl\u00e1\u0161ke \u2013 cenu uprav\u00edme pod\u013ea va\u0161ich po\u017eiadaviek.<\/p>\n<p><em>V\u00a0cene v\u0161etk\u00fdch turnusov je ubytovanie na 6 noc\u00ed, pln\u00e1 penzia, desiata pre deti, ob\u010derstvenie, podklady k predn\u00e1\u0161kam, materi\u00e1ly pre detsk\u00fd program, spolo\u010dn\u00e9 priestory, \u0161portovisk\u00e1, pr\u00edspevok predn\u00e1\u0161aj\u00facim.<\/em><\/p>\n<p><strong>V\u00e1\u0161 v\u00fdber ubytovania nie je z\u00e1v\u00e4zn\u00fd a z\u00e1le\u017e\u00ed od kapac\u00edt ubytovania. O tom, \u010di sme V\u00e1m vedeli alebo nevedeli vyhovie\u0165 V\u00e1s budeme informova\u0165.<\/strong><\/p>\n<p><strong>O\u00a0sp\u00f4sobe platby V\u00e1s budeme informova\u0165 po prijat\u00ed Va\u0161ej prihl\u00e1\u0161ky. V pr\u00edpade, \u017ee m\u00e1te z\u00e1ujem o pou\u017eitie rekrea\u010dn\u00e9ho poukazu, nezabudnite to za\u0161krtn\u00fa\u0165 v prihl\u00e1\u0161ke. <\/strong><\/p>\n<h6>NA\u0160I RE\u010cN\u00cdCI:<\/h6>\n<p><strong>Brian a Christine Clarke<\/strong><\/p>\n<p><a href=\"https:\/\/tabor.ywam.sk\/2018\/wp-content\/uploads\/clarke.jpg\" rel=\"lightbox[23]\"><img loading=\"lazy\" decoding=\"async\" class=\"alignright size-medium wp-image-75\" src=\"https:\/\/tabor.ywam.sk\/2018\/wp-content\/uploads\/clark-200x200.jpg\" alt=\"\" width=\"200\" height=\"200\" \/><\/a>Brian a Chris pracuj\u00fa ako kres\u0165ansk\u00ed mision\u00e1ri od roku 1989. Prv\u00fdch 10 rokov sl\u00fa\u017eili vo YWAM (Youth with a Mission): najsk\u00f4r 5 rokov v centre Amsterdamu, kde viedli spolo\u010denstvo \u201cArcha\u201d; nesk\u00f4r sa pres\u0165ahovali nasp\u00e4\u0165 do Ve\u013ekej Brit\u00e1nie a vr\u00e1mci YWAM viedli slu\u017ebu rodin\u00e1m<br \/>\nV roku 1998 rozbehli slu\u017ebu vo v\u00fdchodnej Eur\u00f3pe a v roku 2008 zalo\u017eili dobro\u010dinn\u00fa organiz\u00e1ciu Krasif Aid, ktor\u00e1 podporuje cirkvi a sponzoruje rozvojov\u00e9 projekty, zvl\u00e1\u0161\u0165 v in\u0161tit\u00faciach soci\u00e1lnej starostlivosti v Bulharsku.<br \/>\nBrianovi a Chris le\u017eia na srdci rodiny a misie. U\u017e ve\u013ea rokov sa t\u00fdmto dvom t\u00e9mam ako re\u010dn\u00edci venuj\u00fa. Okrem Bulharska p\u00f4sobili aj v D\u00e1nsku a na Slovensku. Tento rok bud\u00fa re\u010dn\u00edkmi e\u0161te aj na rodinn\u00fdch t\u00e1boroch v N\u00f3rsku a Rumunsku. Okrem in\u00e9ho vyvinuli svoj vlastn\u00fd semin\u00e1r nazvan\u00fd \u201cSpolu\u201d a praktizuj\u00fa psychometrick\u00e9 \u0161t\u00fadie pre p\u00e1ry s n\u00e1zvom Prepare&amp;Enrich (priprav sa a oboha\u0165)<br \/>\n\u017dij\u00fa bl\u00edzko Birminghamu v Spojenom Kr\u00e1\u013eovstve a u\u017e viac ako 30 rokov s\u00fa s\u00fa\u010das\u0165ou miestnej anglik\u00e1nskej cirkvi, v ktorej aj sl\u00fa\u017eia. Man\u017eelmi s\u00fa 45 rokov, maj\u00fa dvoch dospel\u00fdch synov, troch vnukov\u2026a tie\u017e ve\u013ek\u00e9ho \u010dierneho labradora ktor\u00fd sa vol\u00e1 Morgan!<\/p>\n<p><strong>Re\u010dn\u00edk pre t\u00edned\u017eerov:\u00a0<em>PRIPRAVUJEME . . .<\/em><\/strong><\/p>\n","protected":false},"excerpt":{"rendered":"<p>TERM\u00cdN: 17. \u2013 23. j\u00fal 2022 MIESTO: hotel Drot\u00e1r, Hronec (t\u00e1bor zameran\u00fd na rodiny s t\u00edned\u017eermi od 13 rokov, pre ktor\u00fdch bude pripraven\u00fd \u0161peci\u00e1lny program. Nebojte sa v\u0161ak prihl\u00e1si\u0165 aj <a class=\"more-link\" href=\"https:\/\/tabor.ywam.sk\/2022\/tabory\/turnus-1\/\">[ . . . ]<\/a><\/p>\n","protected":false},"author":1,"featured_media":0,"parent":21,"menu_order":5,"comment_status":"closed","ping_status":"closed","template":"","meta":{"footnotes":""},"class_list":["post-23","page","type-page","status-publish","hentry"],"_links":{"self":[{"href":"https:\/\/tabor.ywam.sk\/2022\/wp-json\/wp\/v2\/pages\/23","targetHints":{"allow":["GET"]}}],"collection":[{"href":"https:\/\/tabor.ywam.sk\/2022\/wp-json\/wp\/v2\/pages"}],"about":[{"href":"https:\/\/tabor.ywam.sk\/2022\/wp-json\/wp\/v2\/types\/page"}],"author":[{"embeddable":true,"href":"https:\/\/tabor.ywam.sk\/2022\/wp-json\/wp\/v2\/users\/1"}],"replies":[{"embeddable":true,"href":"https:\/\/tabor.ywam.sk\/2022\/wp-json\/wp\/v2\/comments?post=23"}],"version-history":[{"count":6,"href":"https:\/\/tabor.ywam.sk\/2022\/wp-json\/wp\/v2\/pages\/23\/revisions"}],"predecessor-version":[{"id":63,"href":"https:\/\/tabor.ywam.sk\/2022\/wp-json\/wp\/v2\/pages\/23\/revisions\/63"}],"up":[{"embeddable":true,"href":"https:\/\/tabor.ywam.sk\/2022\/wp-json\/wp\/v2\/pages\/21"}],"wp:attachment":[{"href":"https:\/\/tabor.ywam.sk\/2022\/wp-json\/wp\/v2\/media?parent=23"}],"curies":[{"name":"wp","href":"https:\/\/api.w.org\/{rel}","templated":true}]}}