{"id":2,"date":"2022-01-26T14:59:08","date_gmt":"2022-01-26T13:59:08","guid":{"rendered":"https:\/\/tabor.ywam.sk\/2022\/?page_id=2"},"modified":"2022-03-03T21:38:23","modified_gmt":"2022-03-03T20:38:23","slug":"rodinny-tabor-ywam-2022","status":"publish","type":"page","link":"https:\/\/tabor.ywam.sk\/2022\/","title":{"rendered":"Rodinn\u00fd t\u00e1bor YWAM 2022"},"content":{"rendered":"<p><strong>Tento rok oslavujeme 25. ro\u010dn\u00edk Rodinn\u00fdch t\u00e1borov YWAM. A\u00a0ke\u010f\u017ee aj my chceme by\u0165 pripraven\u00ed na zmeny, do ktor\u00fdch n\u00e1s P\u00e1n Boh povol\u00e1va, rodinn\u00e9 t\u00e1bory bud\u00fa v\u00a0s\u00fa\u010dasnej podobe kon\u010di\u0165. Neznamen\u00e1 to v\u0161ak, \u017ee kon\u010d\u00ed slu\u017eba rodin\u00e1m. Bude mo\u017eno in\u00e1, ale bude pokra\u010dova\u0165. A my sa modl\u00edme a h\u013ead\u00e1me cesty a\u00a0sp\u00f4soby, ako na t\u00fato slu\u017ebu nadviaza\u0165. O\u00a0pripravovan\u00fdch projektoch V\u00e1s budeme informova\u0165.<\/strong><\/p>\n<h3>Kres\u0165ansk\u00e9 t\u00e1bory organizovan\u00e9 medzin\u00e1rodnou misijnou organiz\u00e1ciou Youth With A\u00a0Mission (YWAM) na Slovensku.<\/h3>\n<ul>\n<li>Zauj\u00edmav\u00e9\u00a0<b>dopolud\u0148aj\u0161ie predn\u00e1\u0161ky<\/b>\u00a0pre dospel\u00fdch, zameran\u00e9 na posil\u0148ovanie vz\u0165ahov v\u00a0rodine a\u00a0na prehlbovanie vz\u0165ahu s Bohom<\/li>\n<li>Paralelne s predn\u00e1\u0161kami bohat\u00fd\u00a0<b>program pre deti<\/b>\u00a0v skupin\u00e1ch pod\u013ea veku \u2013 duchovn\u00fd program, hry, tvorivos\u0165, \u0161port, s\u00fa\u0165a\u017ee\u2026<\/li>\n<li><b>Duchovn\u00e1 starostlivos\u0165<\/b>\u00a0sk\u00fasen\u00fdch pracovn\u00edkov v oblasti slu\u017eby rodin\u00e1m zo zahrani\u010dia i zo Slovenska<\/li>\n<li>Popolud\u0148aj\u0161\u00ed\u00a0<b>\u010das pre rodinu<\/b>, po\u010das ktor\u00e9ho je mo\u017en\u00e9 zapoji\u0165 sa do pripraven\u00fdch aktiv\u00edt alebo ho str\u00e1vi\u0165 individu\u00e1lne<\/li>\n<li>\u0160port, tvoriv\u00e9 dielne, workshopy, z\u00e1bava, ve\u010der pre man\u017eelov<\/li>\n<li><b>Rozhovory a\u00a0modlitby<\/b>\u00a0s\u00a0priate\u013emi<\/li>\n<li><b>Oddych<\/b> v n\u00e1dhernom prostred\u00ed<\/li>\n<\/ul>\n","protected":false},"excerpt":{"rendered":"<p>Tento rok oslavujeme 25. ro\u010dn\u00edk Rodinn\u00fdch t\u00e1borov YWAM. A\u00a0ke\u010f\u017ee aj my chceme by\u0165 pripraven\u00ed na zmeny, do ktor\u00fdch n\u00e1s P\u00e1n Boh povol\u00e1va, rodinn\u00e9 t\u00e1bory bud\u00fa v\u00a0s\u00fa\u010dasnej podobe kon\u010di\u0165. Neznamen\u00e1 to <a class=\"more-link\" href=\"https:\/\/tabor.ywam.sk\/2022\/\">[ . . . ]<\/a><\/p>\n","protected":false},"author":1,"featured_media":0,"parent":0,"menu_order":0,"comment_status":"closed","ping_status":"open","template":"","meta":{"footnotes":""},"class_list":["post-2","page","type-page","status-publish","hentry"],"_links":{"self":[{"href":"https:\/\/tabor.ywam.sk\/2022\/wp-json\/wp\/v2\/pages\/2","targetHints":{"allow":["GET"]}}],"collection":[{"href":"https:\/\/tabor.ywam.sk\/2022\/wp-json\/wp\/v2\/pages"}],"about":[{"href":"https:\/\/tabor.ywam.sk\/2022\/wp-json\/wp\/v2\/types\/page"}],"author":[{"embeddable":true,"href":"https:\/\/tabor.ywam.sk\/2022\/wp-json\/wp\/v2\/users\/1"}],"replies":[{"embeddable":true,"href":"https:\/\/tabor.ywam.sk\/2022\/wp-json\/wp\/v2\/comments?post=2"}],"version-history":[{"count":5,"href":"https:\/\/tabor.ywam.sk\/2022\/wp-json\/wp\/v2\/pages\/2\/revisions"}],"predecessor-version":[{"id":70,"href":"https:\/\/tabor.ywam.sk\/2022\/wp-json\/wp\/v2\/pages\/2\/revisions\/70"}],"wp:attachment":[{"href":"https:\/\/tabor.ywam.sk\/2022\/wp-json\/wp\/v2\/media?parent=2"}],"curies":[{"name":"wp","href":"https:\/\/api.w.org\/{rel}","templated":true}]}}