{"id":10,"date":"2022-02-27T15:01:06","date_gmt":"2022-02-27T14:01:06","guid":{"rendered":"https:\/\/tabor.ywam.sk\/2022\/?page_id=10"},"modified":"2022-03-03T21:36:58","modified_gmt":"2022-03-03T20:36:58","slug":"tema","status":"publish","type":"page","link":"https:\/\/tabor.ywam.sk\/2022\/tema\/","title":{"rendered":"T\u00e9ma: Back to the future"},"content":{"rendered":"<p><strong>Kto poh\u0155da d\u0148om mal\u00fdch za\u010diatkov? Zach 4:10<\/strong><\/p>\n<p>Ka\u017ed\u00fd de\u0148 mal\u00fdch za\u010diatkov m\u00f4\u017ee ur\u010dova\u0165 ve\u013ek\u00e9 udalosti v\u00a0na\u0161ej bud\u00facnosti. Nie je jedno, ako sa rozhodneme v\u00a0mal\u00fdch z\u00e1le\u017eitostiach. Rozhodnutie, ktor\u00e9 rob\u00edme pr\u00e1ve teraz, sa z\u00e1rove\u0148 st\u00e1va o mal\u00fa chv\u00ed\u013eu minulos\u0165ou. A \u00a0predsa ur\u010duje na\u0161u bud\u00facnos\u0165.<\/p>\n<p>Rodinn\u00e9 t\u00e1bory YWAM za\u010dali svoju cestu pred \u0161tvr\u0165storo\u010d\u00edm, teda 25 rokov dozadu. To, \u010do uviedlo ich p\u00fa\u0165 v\u00a0za\u010diatkoch, ur\u010dovalo ich sled a\u00a0aj to, ako vyzeraj\u00fa dnes. P\u00e1n Boh ich mal napl\u00e1novan\u00e9, ka\u017ed\u00fd jeden t\u00e1bor za tie roky bol za tie roky in\u00fd a predsa v\u00a0Jeho r\u00e9\u017eii.<\/p>\n<p>\u010co ostalo nemenn\u00e9, je to, \u010do nie je z\u00a0tohto sveta. Bo\u017eie kr\u00e1\u013eovstvo, ktor\u00e9 si Boh po mnoh\u00e9 roky pou\u017e\u00edval na t\u00e1boroch pre dobro rod\u00edn, ich povzbudenie, rast, zmenu a\u00a0mnoh\u00e9 in\u00e9&#8230;.<\/p>\n<p>Prijmite teda pozvanie na na\u0161e Rodinn\u00e9 t\u00e1bory 2022. Ver\u00edme, \u017ee to bude \u010das oslavy, nie len kv\u00f4li \u0161tvr\u0165storo\u010diu t\u00e1borov, ale najm\u00e4 kv\u00f4li skutkom, ktor\u00e9 Boh na t\u00e1boroch pre rodiny urobil a\u00a0ktor\u00e9 m\u00e1 napl\u00e1novan\u00e9 aj tento rok.<\/p>\n<p>Te\u0161\u00edme sa na V\u00e1s v\u0161etk\u00fdch.<\/p>\n","protected":false},"excerpt":{"rendered":"<p>Kto poh\u0155da d\u0148om mal\u00fdch za\u010diatkov? Zach 4:10 Ka\u017ed\u00fd de\u0148 mal\u00fdch za\u010diatkov m\u00f4\u017ee ur\u010dova\u0165 ve\u013ek\u00e9 udalosti v\u00a0na\u0161ej bud\u00facnosti. Nie je jedno, ako sa rozhodneme v\u00a0mal\u00fdch z\u00e1le\u017eitostiach. Rozhodnutie, ktor\u00e9 rob\u00edme pr\u00e1ve teraz, <a class=\"more-link\" href=\"https:\/\/tabor.ywam.sk\/2022\/tema\/\">[ . . . ]<\/a><\/p>\n","protected":false},"author":1,"featured_media":0,"parent":0,"menu_order":2,"comment_status":"closed","ping_status":"closed","template":"","meta":{"footnotes":""},"class_list":["post-10","page","type-page","status-publish","hentry"],"_links":{"self":[{"href":"https:\/\/tabor.ywam.sk\/2022\/wp-json\/wp\/v2\/pages\/10","targetHints":{"allow":["GET"]}}],"collection":[{"href":"https:\/\/tabor.ywam.sk\/2022\/wp-json\/wp\/v2\/pages"}],"about":[{"href":"https:\/\/tabor.ywam.sk\/2022\/wp-json\/wp\/v2\/types\/page"}],"author":[{"embeddable":true,"href":"https:\/\/tabor.ywam.sk\/2022\/wp-json\/wp\/v2\/users\/1"}],"replies":[{"embeddable":true,"href":"https:\/\/tabor.ywam.sk\/2022\/wp-json\/wp\/v2\/comments?post=10"}],"version-history":[{"count":2,"href":"https:\/\/tabor.ywam.sk\/2022\/wp-json\/wp\/v2\/pages\/10\/revisions"}],"predecessor-version":[{"id":68,"href":"https:\/\/tabor.ywam.sk\/2022\/wp-json\/wp\/v2\/pages\/10\/revisions\/68"}],"wp:attachment":[{"href":"https:\/\/tabor.ywam.sk\/2022\/wp-json\/wp\/v2\/media?parent=10"}],"curies":[{"name":"wp","href":"https:\/\/api.w.org\/{rel}","templated":true}]}}