{"id":8,"date":"2021-02-13T21:09:22","date_gmt":"2021-02-13T20:09:22","guid":{"rendered":"https:\/\/tabor.ywam.sk\/2021\/?page_id=8"},"modified":"2021-03-03T23:14:02","modified_gmt":"2021-03-03T22:14:02","slug":"tema","status":"publish","type":"page","link":"https:\/\/tabor.ywam.sk\/2021\/tema\/","title":{"rendered":"Istota v neistote"},"content":{"rendered":"<p><strong>\u017dalm 46<\/strong><\/p>\n<p>Ak\u00fa m\u00e1me v \u017eivote istotu? O \u010do sa m\u00f4\u017eeme a vieme oprie\u0165? Tieto ot\u00e1zky m\u00e1me \u010doraz viac, najm\u00e4 v dne\u0161n\u00fdch \u010dasoch, ke\u010f sa veci menia tak r\u00fdchlo, ako sa menia obrazy v okne id\u00faceho r\u00fdchlika. Ani si nesta\u010d\u00edme vychutna\u0165 kr\u00e1su pr\u00edrody a u\u017e n\u00e1m ju prekryje nejak\u00e1 o\u0161arpan\u00e1 budova.<\/p>\n<p>Aby sme povedali pravdu, ani my nevieme, \u010di tento rok bud\u00fa m\u00f4c\u0165 Rodinn\u00e9 t\u00e1bory YWAM prebehn\u00fa\u0165 tak, ako sme zvyknut\u00ed. Ale v podobnej situ\u00e1cii sme boli aj minul\u00fd rok a P\u00e1n Boh sa nakoniec osl\u00e1vil a v lete sme str\u00e1vili tri skvel\u00e9 t\u00fd\u017edne. Mali sme jedin\u00fa istotu. \u017de P\u00e1n Je\u017ei\u0161 m\u00e1 pl\u00e1n. A\u00a0to je na\u0161ou istotou aj tento rok. \ud83d\ude0a<\/p>\n<p>\u010co n\u00e1s teda \u010dak\u00e1? Vieme n\u00e1js\u0165 istotu v\u00a0na\u0161ej neistote? Z\u00a0toho \u013eudsk\u00e9ho poh\u013eadu, ktor\u00fd, priznajme si, nie je ve\u013emi \u0161irok\u00fd, asi \u017eijeme v neistote. Ale Boh je ten, ktor\u00fd vid\u00ed a vie. A to je na\u0161ou istotou. A je to On, ktor\u00fd n\u00e1s poz\u00fdva: <em>\u201cPo\u010fte ku mne v\u0161etci, ktor\u00ed sa nam\u00e1hate a ste pre\u0165a\u017een\u00ed; ja v\u00e1m d\u00e1m odpo\u010din\u00fa\u0165.\u201d <\/em>H\u013eadajme teda nielen odpo\u010dinok, ale aj istotu pr\u00e1ve v \u0147om a jeho pl\u00e1noch pre n\u00e1\u0161 \u017eivot. On je st\u00e1le ten ist\u00fd Boh od po\u010diatku sveta. Nemenn\u00fd. Ten, ktor\u00fd je pri n\u00e1s, rovnako ako bol pri Izraelitoch, ke\u010f \u0165a\u017eko kr\u00e1\u010dali po p\u00fa\u0161ti, ktor\u00fd videl v\u0161etky p\u00e1dy a vst\u00e1vania \u010dloveka v hist\u00f3rii, ktor\u00fd pozn\u00e1 na\u0161e srdce a dr\u017e\u00ed n\u00e1s v b\u00farkach, v ne\u010dakan\u00fdch situ\u00e1ci\u00e1ch, ke\u010f p\u00e1dlujeme proti pr\u00fadu alebo sa te\u0161\u00edme z\u00a0toho, \u017ee na\u0161a lo\u010fka \u013eah\u00fa\u010dko a\u00a0bezpe\u010dne pl\u00e1va po pr\u00fade. Je skalou, do ktorej m\u00f4\u017eeme zachyti\u0165 skobu n\u00e1\u0161ho srdca a\u00a0upevni\u0165 na\u0161e lano.<\/p>\n<p>Prijmite teda pozvanie na na\u0161e Rodinn\u00e9 t\u00e1bory 2021. Ver\u00edme, \u017ee to bude \u010das, kde n\u00e1s Boh bude u\u010di\u0165 h\u013eada\u0165 viac istoty pr\u00e1ve v \u0148om. Budeme m\u00f4c\u0165 pou\u017ei\u0165 skobu a\u00a0lano a\u00a0pevne sa uchyti\u0165. Odovzda\u0165 mu to, \u010do je v\u00a0n\u00e1s nahromaden\u00e9 alebo \u010do sme doteraz nedok\u00e1zali pusti\u0165 z\u00a0na\u0161ich r\u00fak.<\/p>\n<p>Ver\u00edme, \u017ee to bude dobr\u00fd \u010das bez oh\u013eadu na to, ak\u00e9 b\u00farky n\u00e1m \u017eivot prinesie. \ud83d\ude0a Te\u0161\u00edme sa na V\u00e1s v\u0161etk\u00fdch.<\/p>\n<p><strong>Rim. 8:28<\/strong><\/p>\n<p><strong><em>\u201cVieme, \u017ee v\u0161etky veci sl\u00fa\u017eia na dobro t\u00fdm, \u010do miluj\u00fa Boha, ktor\u00ed s\u00fa povolan\u00ed pod\u013ea jeho predsavzatia.\u201d<\/em><\/strong><\/p>\n","protected":false},"excerpt":{"rendered":"<p>\u017dalm 46 Ak\u00fa m\u00e1me v \u017eivote istotu? O \u010do sa m\u00f4\u017eeme a vieme oprie\u0165? Tieto ot\u00e1zky m\u00e1me \u010doraz viac, najm\u00e4 v dne\u0161n\u00fdch \u010dasoch, ke\u010f sa veci menia tak r\u00fdchlo, ako <a class=\"more-link\" href=\"https:\/\/tabor.ywam.sk\/2021\/tema\/\">[ . . . ]<\/a><\/p>\n","protected":false},"author":1,"featured_media":0,"parent":0,"menu_order":15,"comment_status":"closed","ping_status":"closed","template":"","meta":{"footnotes":""},"class_list":["post-8","page","type-page","status-publish","hentry"],"publishpress_future_action":{"enabled":false,"date":"2026-05-07 07:56:51","action":"change-status","newStatus":"draft","terms":[],"taxonomy":"","extraData":[]},"publishpress_future_workflow_manual_trigger":{"enabledWorkflows":[]},"_links":{"self":[{"href":"https:\/\/tabor.ywam.sk\/2021\/wp-json\/wp\/v2\/pages\/8","targetHints":{"allow":["GET"]}}],"collection":[{"href":"https:\/\/tabor.ywam.sk\/2021\/wp-json\/wp\/v2\/pages"}],"about":[{"href":"https:\/\/tabor.ywam.sk\/2021\/wp-json\/wp\/v2\/types\/page"}],"author":[{"embeddable":true,"href":"https:\/\/tabor.ywam.sk\/2021\/wp-json\/wp\/v2\/users\/1"}],"replies":[{"embeddable":true,"href":"https:\/\/tabor.ywam.sk\/2021\/wp-json\/wp\/v2\/comments?post=8"}],"version-history":[{"count":5,"href":"https:\/\/tabor.ywam.sk\/2021\/wp-json\/wp\/v2\/pages\/8\/revisions"}],"predecessor-version":[{"id":74,"href":"https:\/\/tabor.ywam.sk\/2021\/wp-json\/wp\/v2\/pages\/8\/revisions\/74"}],"wp:attachment":[{"href":"https:\/\/tabor.ywam.sk\/2021\/wp-json\/wp\/v2\/media?parent=8"}],"curies":[{"name":"wp","href":"https:\/\/api.w.org\/{rel}","templated":true}]}}