{"id":11,"date":"2015-01-23T23:59:44","date_gmt":"2015-01-23T23:59:44","guid":{"rendered":"http:\/\/tabor.ywam.sk\/2015\/?page_id=11"},"modified":"2015-03-05T08:19:27","modified_gmt":"2015-03-05T08:19:27","slug":"informacie","status":"publish","type":"page","link":"https:\/\/tabor.ywam.sk\/2015\/informacie\/","title":{"rendered":"Inform\u00e1cie"},"content":{"rendered":"<h2>Miesto a term\u00edny:<\/h2>\n<p><strong>Miesto v\u0161etk\u00fdch t\u00e1borov: <a href=\"http:\/\/web.stonline.sk\/hoteldrotar\/\" target=\"_blank\">hotel Drot\u00e1r, Hronec<\/a><\/strong><\/p>\n<p><strong><a href=\"http:\/\/tabor.ywam.sk\/2015\/wp-content\/uploads\/drotar1.jpg\" rel=\"lightbox[11]\"><img loading=\"lazy\" decoding=\"async\" class=\"alignright wp-image-40 size-thumbnail\" src=\"http:\/\/tabor.ywam.sk\/2015\/wp-content\/uploads\/drotar1-240x180.jpg\" alt=\"drotar1\" width=\"240\" height=\"180\" srcset=\"https:\/\/tabor.ywam.sk\/2015\/wp-content\/uploads\/drotar1-240x180.jpg 240w, https:\/\/tabor.ywam.sk\/2015\/wp-content\/uploads\/drotar1-744x558.jpg 744w, https:\/\/tabor.ywam.sk\/2015\/wp-content\/uploads\/drotar1-650x488.jpg 650w, https:\/\/tabor.ywam.sk\/2015\/wp-content\/uploads\/drotar1-261x196.jpg 261w, https:\/\/tabor.ywam.sk\/2015\/wp-content\/uploads\/drotar1-300x225.jpg 300w, https:\/\/tabor.ywam.sk\/2015\/wp-content\/uploads\/drotar1.jpg 1024w\" sizes=\"auto, (max-width: 240px) 100vw, 240px\" \/><\/a>1. TURNUS : 12. &#8211; 18. j\u00fal <\/strong><br \/>\n<strong><em>Re\u010dn\u00edci : Wim a\u00a0Amanda du Plessis<br \/>\n<\/em><\/strong><em>(t\u00e1bor pre rodiny s\u00a0teenagermi &#8211;\u00a0od dov\u0155\u0161en\u00fdch 13 rokov)<\/em><strong><em><br \/>\n<\/em><\/strong>Pozn\u00e1mka: po\u010das dopoludn\u00ed sa postar\u00e1me aj o\u00a0deti do 13 rokov, no pre teenagerov bude na tomto kempe pripraven\u00fd \u0161peci\u00e1lny program \u2013 bud\u00fa ma\u0165 svojho vlastn\u00e9ho re\u010dn\u00edka (Janko Buc), r\u00f4zne z\u00e1\u017eitkov\u00e9 aktivity aj\u00a0ve\u010dern\u00e9 programy&#8230;<\/p>\n<p><strong><a href=\"http:\/\/tabor.ywam.sk\/2015\/wp-content\/uploads\/drotar2.jpg\" rel=\"lightbox[11]\"><img loading=\"lazy\" decoding=\"async\" class=\"alignright size-thumbnail wp-image-41\" src=\"http:\/\/tabor.ywam.sk\/2015\/wp-content\/uploads\/drotar2-240x180.jpg\" alt=\"drotar2\" width=\"240\" height=\"180\" srcset=\"https:\/\/tabor.ywam.sk\/2015\/wp-content\/uploads\/drotar2-240x180.jpg 240w, https:\/\/tabor.ywam.sk\/2015\/wp-content\/uploads\/drotar2-744x558.jpg 744w, https:\/\/tabor.ywam.sk\/2015\/wp-content\/uploads\/drotar2-650x488.jpg 650w, https:\/\/tabor.ywam.sk\/2015\/wp-content\/uploads\/drotar2-261x196.jpg 261w, https:\/\/tabor.ywam.sk\/2015\/wp-content\/uploads\/drotar2-300x225.jpg 300w, https:\/\/tabor.ywam.sk\/2015\/wp-content\/uploads\/drotar2.jpg 1024w\" sizes=\"auto, (max-width: 240px) 100vw, 240px\" \/><\/a>2. TURNUS : 19. &#8211; 25. j\u00fal<br \/>\n<\/strong><em><strong>Re\u010dn\u00edci :\u00a0Brian a\u00a0Christine Clarke<\/strong><\/em><\/p>\n<p><strong>3. TURNUS : 16. &#8211; 22. august<br \/>\n<\/strong><em><strong>Re\u010dn\u00edci : Mike a\u00a0Ros Oman<\/strong><\/em><\/p>\n<p>&nbsp;<\/p>\n<h2>Ubytovanie a cena:<\/h2>\n<p>V 2\u20134 l\u00f4\u017ekov\u00fdch izb\u00e1ch v\u00a0hoteli alebo v\u00a06-miestnych chatk\u00e1ch. Ka\u017ed\u00e1 chatka m\u00e1 vlastn\u00e9 soci\u00e1lne zariadenie, v\u00a0hoteli je spolo\u010dn\u00e9 soci\u00e1lne zariadenie pre 2 izby na bunke.<br \/>\nUbytova\u0165 sa so psom je mo\u017en\u00e9 len v\u00a0chatke, no kv\u00f4li vyu\u017eitiu kapacity zariadenia je potrebn\u00e9 v\u00a0chatke obsadi\u0165 minim\u00e1lne 4 l\u00f4\u017eka. Vzh\u013eadom na obmedzen\u00e9 mo\u017enosti are\u00e1lu uv\u00edtame, ke\u010f ps\u00edka so sebou nevezmete.<\/p>\n<p><strong>Ceny za ubytovanie:<\/strong><\/p>\n<ul>\n<li><strong>155\u20ac<\/strong>\u00a0\u2013 dospel\u00fd<\/li>\n<li><strong>130\u20ac<\/strong>\u00a0\u2013\u00a0die\u0165a od\u00a013 rokov (dospel\u00e1 porcia)<\/li>\n<li><strong>110\u20ac<\/strong>\u00a0\u2013\u00a0die\u0165a do 12 rokov vr\u00e1tane<\/li>\n<li><strong>\u00a0 25\u20ac<\/strong>\u00a0\u2013\u00a0die\u0165a do 2\u00a0rokov vr\u00e1tane (bez n\u00e1roku na stravu a l\u00f4\u017eko)<\/li>\n<li><strong>\u00a0 10\u20ac<\/strong>\u00a0\u2013\u00a0poplatok za psa.<\/li>\n<\/ul>\n<p>V\u00a0pr\u00edpade, \u017ee m\u00e1te z\u00e1ujem o\u00a0stravu alebo l\u00f4\u017eko pre die\u0165a mlad\u0161ie ako 3 roky, uve\u010fte to v pozn\u00e1mke v\u00a0prihl\u00e1\u0161ke \u2013 cenu uprav\u00edme pod\u013ea va\u0161ich po\u017eiadaviek.<\/p>\n<p>V\u00a0cene v\u0161etk\u00fdch turnusov je ubytovanie na 6 noc\u00ed, pln\u00e1 penzia, desiata pre deti, ob\u010derstvenie, podklady k predn\u00e1\u0161kam, materi\u00e1ly pre detsk\u00fd program, spolo\u010dn\u00e9 priestory, \u0161portovisk\u00e1, pr\u00edspevok predn\u00e1\u0161aj\u00facim.<\/p>\n<p><strong>O\u00a0sp\u00f4sobe platby V\u00e1s budeme informova\u0165 po prijat\u00ed Va\u0161ej prihl\u00e1\u0161ky.<\/strong><\/p>\n<p>&nbsp;<\/p>\n<h2>Re\u010dn\u00edci<\/h2>\n<h3>Wim a Amanda du Plessis<\/h3>\n<p><img loading=\"lazy\" decoding=\"async\" class=\"alignright size-full wp-image-37\" src=\"http:\/\/tabor.ywam.sk\/2015\/wp-content\/uploads\/du-plessis.jpg\" alt=\"du-plessis\" width=\"220\" height=\"240\" \/>Poch\u00e1dzaj\u00fa z Ju\u017enej Afriky, no v s\u00fa\u010dasnosti \u017eij\u00fa v Belgicku.\u00a0S\u00fa nad\u0161en\u00ed Bo\u017e\u00edm charakterom a dobrotou a povzbudzuj\u00fa in\u00fdch, aby videli kr\u00e1su v najr\u00f4znej\u0161\u00edch momentoch \u017eivota \u2013 pri hre i pr\u00e1ci, ke\u010f stoja i\u00a0padaj\u00fa, smej\u00fa sa \u010di\u00a0pla\u010d\u00fa, vyhr\u00e1vaj\u00fa \u010di str\u00e1caj\u00fa &#8211; aby v\u00a0tom v\u0161etkom objavovali n\u00e1dej.\u00a0Svoj \u010das rozde\u013euj\u00fa medzi YWAM a\u00a0svoj miestny zbor Vineyard Brussels. Wim \u010dasto vyu\u010duje v\u00a0Eur\u00f3pe a\u00a0Afrike, tie\u017e sl\u00fa\u017ei ako kvalifikovan\u00fd psychoterapeut.\u00a0Obohaten\u00edm pre ich \u017eivot s\u00fa ich dve dvadsa\u0165ro\u010dn\u00e9 deti a\u00a0pes. Medzi ich hobby patria prech\u00e1dzky, beh alebo bicyklovanie, dobr\u00e1 kniha \u010di pekn\u00fd \u010daspopis, hra so slovami a\u00a0farbami a cvakanie fotoapar\u00e1tom&#8230;<\/p>\n<p>&nbsp;<\/p>\n<h3><img loading=\"lazy\" decoding=\"async\" class=\"alignright size-full wp-image-34\" src=\"http:\/\/tabor.ywam.sk\/2015\/wp-content\/uploads\/buc.jpg\" alt=\"buc\" width=\"220\" height=\"240\" \/>J\u00e1n Buc<\/h3>\n<p>Pracuje s mlad\u00fdmi, so spolo\u010denstvami a v evanjeliza\u010dnej slu\u017ebe na Slovensku.\u00a0Patr\u00ed do spolo\u010denstva VINICA na Spi\u0161i. Pracuje v Zdru\u017een\u00ed kres\u0165ansk\u00fdch spolo\u010denstiev ml\u00e1de\u017ee a je zapojen\u00fd do viacer\u00fdch projektov, 17 rokov je k\u0148azom v katol\u00edckej cirkvi.<\/p>\n<p>&nbsp;<\/p>\n<h3>Brian a\u00a0Christine Clarke<\/h3>\n<p><img loading=\"lazy\" decoding=\"async\" class=\"alignright size-full wp-image-28\" src=\"http:\/\/tabor.ywam.sk\/2015\/wp-content\/uploads\/clarke.jpg\" alt=\"clarke\" width=\"220\" height=\"240\" \/>Poch\u00e1dzaj\u00fa z\u00a0Ve\u013ekej Brit\u00e1nie a dlh\u00e9 roky pracuj\u00fa na pln\u00fd \u00fav\u00e4zok v\u00a0r\u00f4znych misijn\u00fdch organiz\u00e1ci\u00e1ch. Str\u00e1vili dlh\u0161\u00ed \u010das v Amsterdame ako ved\u00faci zariadenia YWAM, kde vtedy nadviazali na pr\u00e1cu Floyda McClunga s prostit\u00fatkami a narkomanmi. V s\u00fa\u010dasnosti ved\u00fa misiu Krasif Aid, ktor\u00e1 m\u00e1 za cie\u013e pom\u00f4c\u0165 de\u0165om v detsk\u00fdch domovoch v Bulharsku. Maj\u00fa dvoch dospel\u00fdch synov a\u00a0pred 3 rokmi sa stali star\u00fdmi rodi\u010dmi.<\/p>\n<p>&nbsp;<\/p>\n<h3>Mike a\u00a0Ros Oman<\/h3>\n<p><img loading=\"lazy\" decoding=\"async\" class=\"alignright size-full wp-image-36\" src=\"http:\/\/tabor.ywam.sk\/2015\/wp-content\/uploads\/oman.jpg\" alt=\"oman\" width=\"220\" height=\"240\" \/>Obaja sa narodili v\u00a0Anglicku, no spolu so svojimi rodinami v\u00a0roku 1951 emigrovali do Zimbabwe. Vzali sa v\u00a0roku 1971 a\u00a0maj\u00fa dve deti. Obaja sa v\u00a0roku 1976 stretli s\u00a0Bohom, \u010do zmenilo ich form\u00e1lnu vieru na \u017eiv\u00fd vz\u0165ah s\u00a0N\u00edm a\u00a0sp\u00f4sobilo t\u00fa\u017ebu viac Ho pozna\u0165 a\u00a0sl\u00fa\u017ei\u0165 Mu. V\u00a0roku 1979 absolvovali YWAM \u0161kolu Discipleship Training School a\u00a0zapojili sa naplno do slu\u017eby v\u00a0YWAM. Zakladali a\u00a0viedli YWAM centr\u00e1 v\u00a0r\u00f4znych \u010dastiach sveta. V\u00a0s\u00fa\u010dasnosti s\u00fa jedn\u00fdmi z\u00a0ved\u00facich YWAM pre Z\u00e1padn\u00fa a\u00a0Centr\u00e1lnu Eur\u00f3pu, Mike vyu\u010duje na r\u00f4znych u\u010den\u00edckych tr\u00e9ningov\u00fdch programoch po celom svete, Ros je s\u00fa\u010das\u0165ou t\u00edmu pre pr\u00edhovorn\u00fa modlitbu.<\/p>\n","protected":false},"excerpt":{"rendered":"<p>Miesto a term\u00edny: Miesto v\u0161etk\u00fdch t\u00e1borov: hotel Drot\u00e1r, Hronec 1. TURNUS : 12. &#8211; 18. j\u00fal Re\u010dn\u00edci : Wim a\u00a0Amanda du Plessis (t\u00e1bor pre rodiny s\u00a0teenagermi &#8211;\u00a0od dov\u0155\u0161en\u00fdch 13 rokov) <a class=\"more-link\" href=\"https:\/\/tabor.ywam.sk\/2015\/informacie\/\">[ . . . ]<\/a><\/p>\n","protected":false},"author":1,"featured_media":0,"parent":0,"menu_order":50,"comment_status":"closed","ping_status":"closed","template":"","meta":{"footnotes":""},"class_list":["post-11","page","type-page","status-publish","hentry"],"_links":{"self":[{"href":"https:\/\/tabor.ywam.sk\/2015\/wp-json\/wp\/v2\/pages\/11","targetHints":{"allow":["GET"]}}],"collection":[{"href":"https:\/\/tabor.ywam.sk\/2015\/wp-json\/wp\/v2\/pages"}],"about":[{"href":"https:\/\/tabor.ywam.sk\/2015\/wp-json\/wp\/v2\/types\/page"}],"author":[{"embeddable":true,"href":"https:\/\/tabor.ywam.sk\/2015\/wp-json\/wp\/v2\/users\/1"}],"replies":[{"embeddable":true,"href":"https:\/\/tabor.ywam.sk\/2015\/wp-json\/wp\/v2\/comments?post=11"}],"version-history":[{"count":13,"href":"https:\/\/tabor.ywam.sk\/2015\/wp-json\/wp\/v2\/pages\/11\/revisions"}],"predecessor-version":[{"id":47,"href":"https:\/\/tabor.ywam.sk\/2015\/wp-json\/wp\/v2\/pages\/11\/revisions\/47"}],"wp:attachment":[{"href":"https:\/\/tabor.ywam.sk\/2015\/wp-json\/wp\/v2\/media?parent=11"}],"curies":[{"name":"wp","href":"https:\/\/api.w.org\/{rel}","templated":true}]}}